{"id":62,"date":"2020-06-11T19:37:23","date_gmt":"2020-06-11T19:37:23","guid":{"rendered":"http:\/\/upn141.edu.mx\/?page_id=62"},"modified":"2020-06-18T18:12:32","modified_gmt":"2020-06-18T18:12:32","slug":"mision-y-principios","status":"publish","type":"page","link":"http:\/\/upn141.edu.mx\/index.php\/mision-y-principios\/","title":{"rendered":"Misi\u00f3n y Principios"},"content":{"rendered":"\t\t<div data-elementor-type=\"wp-page\" data-elementor-id=\"62\" class=\"elementor elementor-62\" data-elementor-post-type=\"page\">\n\t\t\t\t\t\t<section class=\"elementor-section elementor-top-section elementor-element elementor-element-36ddc64 elementor-section-boxed elementor-section-height-default elementor-section-height-default\" data-id=\"36ddc64\" data-element_type=\"section\">\n\t\t\t\t\t\t<div class=\"elementor-container elementor-column-gap-default\">\n\t\t\t\t\t<div class=\"elementor-column elementor-col-100 elementor-top-column elementor-element elementor-element-6ccc05a\" data-id=\"6ccc05a\" data-element_type=\"column\">\n\t\t\t<div class=\"elementor-widget-wrap elementor-element-populated\">\n\t\t\t\t\t\t<div class=\"elementor-element elementor-element-4ee6ab8 elementor-widget elementor-widget-heading\" data-id=\"4ee6ab8\" data-element_type=\"widget\" data-widget_type=\"heading.default\">\n\t\t\t\t<div class=\"elementor-widget-container\">\n\t\t\t<h2 class=\"elementor-heading-title elementor-size-default\">Principios<\/h2>\t\t<\/div>\n\t\t\t\t<\/div>\n\t\t\t\t<section class=\"elementor-section elementor-inner-section elementor-element elementor-element-7497a11 elementor-section-boxed elementor-section-height-default elementor-section-height-default\" data-id=\"7497a11\" data-element_type=\"section\">\n\t\t\t\t\t\t<div class=\"elementor-container elementor-column-gap-default\">\n\t\t\t\t\t<div class=\"elementor-column elementor-col-50 elementor-inner-column elementor-element elementor-element-339166c\" data-id=\"339166c\" data-element_type=\"column\">\n\t\t\t<div class=\"elementor-widget-wrap elementor-element-populated\">\n\t\t\t\t\t\t<div class=\"elementor-element elementor-element-9d910a1 elementor-widget elementor-widget-text-editor\" data-id=\"9d910a1\" data-element_type=\"widget\" data-widget_type=\"text-editor.default\">\n\t\t\t\t<div class=\"elementor-widget-container\">\n\t\t\t\t\t\t\t<p style=\"text-align: justify;\"><span style=\"color: #7a7a7a; font-size: 14px;\">La Universidad Pedag\u00f3gica Nacional es una instituci\u00f3n p\u00fablica de educaci\u00f3n superior con vocaci\u00f3n nacional y plena autonom\u00eda acad\u00e9mica; se orienta a la formaci\u00f3n y desarrollo de profesionales de la educaci\u00f3n y a la generaci\u00f3n de conocimiento de acuerdo con las necesidades del pa\u00eds considerando la diversidad sociocultural. A partir de sus funciones sustantivas se vincula con el sector educativo, con organizaciones sociales e instituciones nacionales e internacionales, con el fin de atender la problem\u00e1tica educativa y el fomento a la cultura.<\/span><\/p><p style=\"text-align: justify;\"><span style=\"color: #7a7a7a;\">Principios generales que orientan a la UPN<\/span><\/p><p style=\"text-align: justify;\"><span style=\"color: #7a7a7a;\">La Universidad Pedag\u00f3gica Nacional es una instituci\u00f3n de educaci\u00f3n superior, laica, p\u00fablica y gratuita que atiende necesidades educativas, en congruencia con las demandas previsibles o emergentes de la sociedad planteadas en la diversidad del contexto pol\u00edtico, econ\u00f3mico cultural y social del pa\u00eds.<\/span><\/p><ul><li style=\"text-align: justify;\"><span style=\"color: #7a7a7a;\">Fundamenta su trabajo acad\u00e9mico en el desarrollo y la innovaci\u00f3n pedag\u00f3gica, en los nuevos aprendizajes, en las ciencias, las humanidades y las nuevas tecnolog\u00edas de la informaci\u00f3n y de la comunicaci\u00f3n.<\/span><\/li><li style=\"text-align: justify;\"><span style=\"color: #7a7a7a;\">Desarrolla de forma articulada actividades de investigaci\u00f3n, docencia, difusi\u00f3n y extensi\u00f3n universitaria en el campo de la educaci\u00f3n.<\/span><\/li><li style=\"text-align: justify;\"><span style=\"color: #7a7a7a;\">Participa en la generaci\u00f3n, aplicaci\u00f3n y difusi\u00f3n de nuevos conocimientos en el campo de la educaci\u00f3n.<\/span><\/li><li style=\"text-align: justify;\"><span style=\"color: #7a7a7a;\">Promueve la reflexi\u00f3n independiente, cr\u00edtica y responsable. Asimismo reconoce la universalidad y diversidad del pensamiento.<\/span><\/li><li style=\"text-align: justify;\"><span style=\"color: #7a7a7a;\">Ofrece formaci\u00f3n en el campo de la pedagog\u00eda y las ciencias de la educaci\u00f3n con planes y programas de estudio flexibles y de calidad.<\/span><\/li><li style=\"text-align: justify;\"><span style=\"color: #7a7a7a;\">Atiende diversas demandas de formaci\u00f3n profesional en educaci\u00f3n, as\u00ed como de actualizaci\u00f3n, superaci\u00f3n y especializaci\u00f3n, permanente de profesionales de la educaci\u00f3n en diversos niveles y modalidades educativas.<\/span><\/li><li style=\"text-align: justify;\"><span style=\"color: #7a7a7a;\">Promueve la formaci\u00f3n de sus estudiantes bajo el principio de &#8220;Educar para Transformar&#8221; y asume las propuestas de la UNESCO relativas a lograr una educaci\u00f3n orientada al desarrollo humano y sustentable: aprender a aprender, aprender a hacer, aprender a ser y aprender a convivir.<\/span><\/li><li style=\"text-align: justify;\"><span style=\"color: #7a7a7a;\">Desarrolla permanentemente tareas de divulgaci\u00f3n del conocimiento de la ciencia y la tecnolog\u00eda; la difusi\u00f3n de la cultura, y la extensi\u00f3n de servicios, vinculadas con el desarrollo educativo y las necesidades de diferentes sectores sociales del pa\u00eds.<\/span><\/li><li style=\"text-align: justify;\"><span style=\"color: #7a7a7a;\">Desarrolla la evaluaci\u00f3n como una acci\u00f3n sustantiva para mejorar su desempe\u00f1o acad\u00e9mico, apoyar la planeaci\u00f3n y gesti\u00f3n institucional y valorar su impacto social y educativo, de acuerdo con valores de pluralidad, participaci\u00f3n, responsabilidad social y calidad acad\u00e9mica.<\/span><\/li><li style=\"text-align: justify;\"><span style=\"color: #7a7a7a;\">Revisa permanentemente su estructura, organizaci\u00f3n y normatividad e impulsa transformaciones pertinentes para elevar la calidad de su trabajo acad\u00e9mico, a fin de responder a sus compromisos con la educaci\u00f3n p\u00fablica y la sociedad en general.<\/span><\/li><li style=\"text-align: justify;\"><span style=\"color: #7a7a7a;\">Propicia y apoya, a trav\u00e9s de diversas estrategias, la formaci\u00f3n continua de todo su personal.<\/span><\/li><li style=\"text-align: justify;\"><span style=\"color: #7a7a7a;\">Se vincula con diferentes sectores de la sociedad, con instituciones y organismos nacionales e internacionales, en actividades de intercambio y colaboraci\u00f3n acad\u00e9mica en diferentes \u00e1mbitos del campo educativo.<\/span><\/li><li style=\"text-align: justify;\"><span style=\"color: #7a7a7a;\">Asume la libertad de c\u00e1tedra y de investigaci\u00f3n en el marco establecido en sus planes, proyectos y programas institucionales.<\/span><\/li><li style=\"text-align: justify;\"><span style=\"color: #7a7a7a;\">Desarrolla su trabajo de manera colegiada a partir de grupos acad\u00e9micos vinculados a la docencia, la intervenci\u00f3n educativa, la difusi\u00f3n y la investigaci\u00f3n para atender los problemas educativos del pa\u00eds.<\/span><\/li><\/ul>\t\t\t\t\t\t<\/div>\n\t\t\t\t<\/div>\n\t\t\t\t\t<\/div>\n\t\t<\/div>\n\t\t\t\t<div class=\"elementor-column elementor-col-50 elementor-inner-column elementor-element elementor-element-2318fbc\" data-id=\"2318fbc\" data-element_type=\"column\">\n\t\t\t<div class=\"elementor-widget-wrap elementor-element-populated\">\n\t\t\t\t\t\t<div class=\"elementor-element elementor-element-54c1570 elementor-widget elementor-widget-image\" data-id=\"54c1570\" data-element_type=\"widget\" data-widget_type=\"image.default\">\n\t\t\t\t<div class=\"elementor-widget-container\">\n\t\t\t\t\t\t\t\t\t\t\t\t\t<img fetchpriority=\"high\" decoding=\"async\" width=\"800\" height=\"534\" src=\"http:\/\/upn141.edu.mx\/wp-content\/uploads\/2020\/06\/woman-wearing-brown-shirt-carrying-black-leather-bag-on-1106468-1-1024x683.jpg\" class=\"attachment-large size-large wp-image-358\" alt=\"\" srcset=\"http:\/\/upn141.edu.mx\/wp-content\/uploads\/2020\/06\/woman-wearing-brown-shirt-carrying-black-leather-bag-on-1106468-1-1024x683.jpg 1024w, http:\/\/upn141.edu.mx\/wp-content\/uploads\/2020\/06\/woman-wearing-brown-shirt-carrying-black-leather-bag-on-1106468-1-300x200.jpg 300w, http:\/\/upn141.edu.mx\/wp-content\/uploads\/2020\/06\/woman-wearing-brown-shirt-carrying-black-leather-bag-on-1106468-1-768x512.jpg 768w, http:\/\/upn141.edu.mx\/wp-content\/uploads\/2020\/06\/woman-wearing-brown-shirt-carrying-black-leather-bag-on-1106468-1.jpg 1280w\" sizes=\"(max-width: 800px) 100vw, 800px\" \/>\t\t\t\t\t\t\t\t\t\t\t\t\t<\/div>\n\t\t\t\t<\/div>\n\t\t\t\t\t<\/div>\n\t\t<\/div>\n\t\t\t\t\t<\/div>\n\t\t<\/section>\n\t\t\t\t\t<\/div>\n\t\t<\/div>\n\t\t\t\t\t<\/div>\n\t\t<\/section>\n\t\t\t\t<\/div>\n\t\t","protected":false},"excerpt":{"rendered":"<p>Principios La Universidad Pedag\u00f3gica Nacional es una instituci\u00f3n p\u00fablica de educaci\u00f3n superior con vocaci\u00f3n nacional y plena autonom\u00eda acad\u00e9mica; se orienta a la formaci\u00f3n y desarrollo de profesionales de la educaci\u00f3n y a la generaci\u00f3n de conocimiento de acuerdo con las necesidades del pa\u00eds considerando la diversidad sociocultural. A partir de sus funciones sustantivas se [&hellip;]<\/p>\n","protected":false},"author":1,"featured_media":0,"parent":0,"menu_order":0,"comment_status":"closed","ping_status":"closed","template":"elementor_header_footer","meta":{"footnotes":""},"_links":{"self":[{"href":"http:\/\/upn141.edu.mx\/index.php\/wp-json\/wp\/v2\/pages\/62"}],"collection":[{"href":"http:\/\/upn141.edu.mx\/index.php\/wp-json\/wp\/v2\/pages"}],"about":[{"href":"http:\/\/upn141.edu.mx\/index.php\/wp-json\/wp\/v2\/types\/page"}],"author":[{"embeddable":true,"href":"http:\/\/upn141.edu.mx\/index.php\/wp-json\/wp\/v2\/users\/1"}],"replies":[{"embeddable":true,"href":"http:\/\/upn141.edu.mx\/index.php\/wp-json\/wp\/v2\/comments?post=62"}],"version-history":[{"count":6,"href":"http:\/\/upn141.edu.mx\/index.php\/wp-json\/wp\/v2\/pages\/62\/revisions"}],"predecessor-version":[{"id":359,"href":"http:\/\/upn141.edu.mx\/index.php\/wp-json\/wp\/v2\/pages\/62\/revisions\/359"}],"wp:attachment":[{"href":"http:\/\/upn141.edu.mx\/index.php\/wp-json\/wp\/v2\/media?parent=62"}],"curies":[{"name":"wp","href":"https:\/\/api.w.org\/{rel}","templated":true}]}}